{"id":362,"date":"2019-06-17T17:06:03","date_gmt":"2019-06-17T15:06:03","guid":{"rendered":"https:\/\/visionzero.lu\/?page_id=362"},"modified":"2026-02-23T14:57:12","modified_gmt":"2026-02-23T13:57:12","slug":"comment-adherer-en-tant-quentreprise","status":"publish","type":"page","link":"https:\/\/visionzero.lu\/fr\/adhesion\/demarche\/","title":{"rendered":"Adh\u00e9sion \u00e0 la VISION ZERO"},"content":{"rendered":"<p><\/p>\n<ol>\n<li>R\u00e9aliser l&rsquo;inscription via <a href=\"https:\/\/visionzero.lu\/fr\/adhesion-a-la-vision-zero-2\/\">ce formulaire<\/a>.<\/li>\n<li>Apr\u00e8s v\u00e9rification de vos donn\u00e9es, vous recevrez une confirmation de votre adh\u00e9sion avec votre certificat d\u2019adh\u00e9sion \u00e0 la VISION ZERO. En plus, votre entreprise figurera sur la <a href=\"https:\/\/visionzero.lu\/fr\/liste-des-adherents\/\">liste des adh\u00e9rents<\/a>.<\/li>\n<\/ol>\n<p>L&rsquo;objectif de l\u2019adh\u00e9sion est de r\u00e9duire ensemble le nombre et la gravit\u00e9 des accidents du travail, de trajet et des maladies professionnelles. Avan\u00e7ons ensemble vers la VISION ZERO !<\/p>\n<h4><strong>Les adh\u00e9rents \u00e0 la VISION ZERO s&rsquo;engagent \u00e0:<\/strong><\/h4>\n<ul>\n<li>Contribuer activement \u00e0 l&rsquo;atteinte des objectifs nationaux;<\/li>\n<li>R\u00e9duire le nombre et la gravit\u00e9 des accidents du travail, des accidents de trajet et des maladies professionnelles;<\/li>\n<li>Poursuivre et intensifier tous les efforts d\u00e9ja entam\u00e9s en mati\u00e8re de s\u00e9curit\u00e9-sant\u00e9 au travail;<\/li>\n<li>Mettre \u00e0 disposition en continu un lieu de travail sain et s\u00e9curis\u00e9 pour l&rsquo;ensemble des salari\u00e9s et tout autre personne travaillant dans l&rsquo;entreprise, notamment les soustraitants, les int\u00e9rimaires et les visiteurs;<\/li>\n<li>Promouvoir et assurer une gestion efficace de la s\u00e9curit\u00e9, de la sant\u00e9 et du bien-\u00eatre au travail dans l&rsquo;esprit d&rsquo;une culture de pr\u00e9vention dans les entreprises;<\/li>\n<li>Mettre en oeuvre un plan d&rsquo;action qui tient compte des 4 principes et des 7 r\u00e8gles d&rsquo;or de la VISION ZERO;<\/li>\n<li>Consacrer un effort particulier aux salari\u00e9s vuln\u00e9rables, notamment les jeunes salari\u00e9s, les nouveaux embauch\u00e9s ainsi que la population vieillissante;<\/li>\n<li>Communiquer leur engagement dans le domaine de la s\u00e9curit\u00e9-sant\u00e9 au travail;<\/li>\n<li>Anticiper et \u00e0 g\u00e9rer les changements au niveau du monde du travail, notamment en relation avec les transitions num\u00e9rique, \u00e9cologique et d\u00e9mographique.<\/li>\n<\/ul>\n<p><\/p>","protected":false},"excerpt":{"rendered":"<p>R\u00e9aliser l&rsquo;inscription via ce formulaire. Apr\u00e8s v\u00e9rification de vos donn\u00e9es, vous recevrez une confirmation de votre adh\u00e9sion avec votre certificat d\u2019adh\u00e9sion \u00e0 la VISION ZERO. En plus, votre entreprise figurera sur la liste des adh\u00e9rents. L&rsquo;objectif de l\u2019adh\u00e9sion est de r\u00e9duire ensemble le nombre et la gravit\u00e9 des accidents du travail, de trajet et des [&hellip;]<\/p>\n","protected":false},"author":1,"featured_media":0,"parent":372,"menu_order":0,"comment_status":"closed","ping_status":"closed","template":"","meta":{"_acf_changed":false,"footnotes":""},"class_list":["post-362","page","type-page","status-publish","hentry"],"acf":{"pages":false,"has_subtitle":true,"subtitle":"Comment adh\u00e9rer en tant qu\u2019entreprise ou partenaire institutionnel?","gray_line":true,"has_logo_page":true,"logo_page":"https:\/\/visionzero.lu\/wp-content\/uploads\/2026\/02\/logo-slogal-fr.jpg","size_content":"9","content":false,"header_color":"blue"},"_links":{"self":[{"href":"https:\/\/visionzero.lu\/fr\/wp-json\/wp\/v2\/pages\/362","targetHints":{"allow":["GET"]}}],"collection":[{"href":"https:\/\/visionzero.lu\/fr\/wp-json\/wp\/v2\/pages"}],"about":[{"href":"https:\/\/visionzero.lu\/fr\/wp-json\/wp\/v2\/types\/page"}],"author":[{"embeddable":true,"href":"https:\/\/visionzero.lu\/fr\/wp-json\/wp\/v2\/users\/1"}],"replies":[{"embeddable":true,"href":"https:\/\/visionzero.lu\/fr\/wp-json\/wp\/v2\/comments?post=362"}],"version-history":[{"count":5,"href":"https:\/\/visionzero.lu\/fr\/wp-json\/wp\/v2\/pages\/362\/revisions"}],"predecessor-version":[{"id":26827,"href":"https:\/\/visionzero.lu\/fr\/wp-json\/wp\/v2\/pages\/362\/revisions\/26827"}],"up":[{"embeddable":true,"href":"https:\/\/visionzero.lu\/fr\/wp-json\/wp\/v2\/pages\/372"}],"wp:attachment":[{"href":"https:\/\/visionzero.lu\/fr\/wp-json\/wp\/v2\/media?parent=362"}],"curies":[{"name":"wp","href":"https:\/\/api.w.org\/{rel}","templated":true}]}}