{"id":1374,"date":"2019-07-16T16:49:39","date_gmt":"2019-07-16T14:49:39","guid":{"rendered":"https:\/\/visionzero.lu\/fr\/?page_id=1374"},"modified":"2025-10-21T16:11:57","modified_gmt":"2025-10-21T14:11:57","slug":"english-strategie-nationale-vision-zero","status":"publish","type":"page","link":"https:\/\/visionzero.lu\/fr\/strategie-nationale-vision-zero\/","title":{"rendered":"Strat\u00e9gie nationale VISION ZERO"},"content":{"rendered":"<p>Les accidents du travail, les accidents de trajet et les maladies professionnelles g\u00e9n\u00e8rent des trag\u00e9dies humaines et familiales consid\u00e9rables. De plus, l\u2019impact socio-\u00e9conomique de ceux-ci sur les entreprises et sur la soci\u00e9t\u00e9 est substantiel. Tout accident est \u00e9vitable et aucun risque n\u2019est acceptable sur le lieu du travail. Chaque euro investi dans la pr\u00e9vention a des effets b\u00e9n\u00e9fiques tant pour les entreprises, que pour les salari\u00e9s et la soci\u00e9t\u00e9. Le seul objectif admissible ne peut \u00eatre que la <strong>VISION ZERO<\/strong>, c\u2019est-\u00e0-dire z\u00e9ro mort, z\u00e9ro bless\u00e9 grave. Un lieu de travail sain et s\u00e9curis\u00e9 rel\u00e8ve d\u2019une volont\u00e9 commune et d\u2019une responsabilit\u00e9 partag\u00e9e entre le <strong>Gouvernement, les entreprises, les salari\u00e9s, les partenaires sociaux et toutes les parties prenantes<\/strong>.<\/p>\n<h3>Strat\u00e9gie nationale VISION ZERO 2023 &#8211; 2030<\/h3>\n<p>Depuis 2016, la VISION ZERO porte sur une strat\u00e9gie de pr\u00e9vention des accidents du travail, des accidents de trajet et des maladies professionnelles. Cette strat\u00e9gie traduit la volont\u00e9 solidaire des partenaires nationaux \u00e0 redynamiser la s\u00e9curit\u00e9 et la sant\u00e9 au travail et \u00e0 mobiliser toutes les parties prenantes, que ce soit au niveau des employeurs ou des salari\u00e9s. VISION ZERO ne signifie pas que le risque au travail deviendra nul, mais qu\u2019il faudra en r\u00e9duire au maximum les sources potentielles dans le but d\u2019\u00e9viter des accidents, et particuli\u00e8rement des accidents graves et mortels. La VISION ZERO est une d\u00e9marche d\u2019am\u00e9lioration continue qui vise \u00e0 davantage sensibiliser et former les salari\u00e9s \u00e0 un comportement s\u00fbr et responsable en faisant appel au leadership des dirigeants d\u2019entreprises.<\/p>\n<p>Compte tenu du succ\u00e8s de la premi\u00e8re phase (2016-2022) et de l&rsquo;importance de cette th\u00e9matique, les initiateurs de la VISION ZERO ont d\u00e9cid\u00e9 de poursuivre les efforts en mati\u00e8re de s\u00e9curit\u00e9-sant\u00e9 au travail et de deployer des efforts particuliers dans les secteurs \u00e0 risques. La pr\u00e9sentation de cette nouvelle phase de la VISION ZERO et de ses objectifs pour 2023 &#8211; 2030 s\u2019est faite au 15<sup>e<\/sup> Forum S\u00e9curit\u00e9-Sant\u00e9 au Travail organis\u00e9 par l\u2019AAA, l\u2019UEL et l\u2019INDR, le 26 octobre 2022.<\/p>\n<p>Les partenaires institutionnels et les entreprises sont encourag\u00e9s \u00e0 <a href=\"https:\/\/visionzero.lu\/fr\/adhesion\/\" target=\"_blank\" rel=\"noopener\">souscrire \u00e0 la strat\u00e9gie nationale VISION ZERO<\/a>, soutenue par le Gouvernement<\/p>","protected":false},"excerpt":{"rendered":"<p>Les accidents du travail, les accidents de trajet et les maladies professionnelles g\u00e9n\u00e8rent des trag\u00e9dies humaines et familiales consid\u00e9rables. De plus, l\u2019impact socio-\u00e9conomique de ceux-ci sur les entreprises et sur la soci\u00e9t\u00e9 est substantiel. Tout accident est \u00e9vitable et aucun risque n\u2019est acceptable sur le lieu du travail. Chaque euro investi dans la pr\u00e9vention a [&hellip;]<\/p>\n","protected":false},"author":1,"featured_media":7321,"parent":0,"menu_order":24,"comment_status":"closed","ping_status":"closed","template":"","meta":{"_acf_changed":false,"footnotes":""},"class_list":["post-1374","page","type-page","status-publish","has-post-thumbnail","hentry"],"acf":{"subtitle":"","content":[{"type_content":"text_block","text_block":{"text_description":"<h2>Objectifs nationaux 2023 &#8211; 2030<\/h2>\n<ul>\n<li><strong>Diminution de 20% du taux de fr\u00e9quence national<\/strong>, tous secteurs confondus, des accidents du travail par rapport \u00e0 2019 (3,71%), en dirigeant un effort particulier aux secteurs \u00e0 risques \u00e0 travers la mise en place d\u2019un ensemble d\u2019actions plus cibl\u00e9es<\/li>\n<li><strong>Baisse continue du nombre des accidents graves et mortels<\/strong><\/li>\n<\/ul>\n","logo":false},"image_text_block":{"side_image":false,"text_description":"","image":false,"image_caption":""},"gallery_block":{"title_gallery":"","gallery":null},"images_grid_block":{"title":"","slider":false,"gallery":false,"gallery_de":false,"images_en":false,"button_text":"","button_link":"","zip_file":false,"zip_file_text":""},"documents_block":{"title_block_documents":"Documents","file_document":[{"title_file":"Strat\u00e9gie VISION ZERO 2023 - 2030","file":{"ID":17078,"id":17078,"title":"Strat\u00e9gie VISION ZERO 2023 - 2030","filename":"Strategie-VISION-ZERO-2023-2030.pdf","filesize":226167,"url":"https:\/\/visionzero.lu\/wp-content\/uploads\/2022\/10\/Strategie-VISION-ZERO-2023-2030.pdf","link":"https:\/\/visionzero.lu\/fr\/strategie-nationale-vision-zero\/strategie-vision-zero-2023-2030\/","alt":"","author":"6","description":"","caption":"","name":"strategie-vision-zero-2023-2030","status":"inherit","uploaded_to":1374,"date":"2022-10-25 09:12:50","modified":"2022-10-25 11:02:07","menu_order":0,"mime_type":"application\/pdf","type":"application","subtype":"pdf","icon":"https:\/\/visionzero.lu\/wp-includes\/images\/media\/document.png"}}]},"subject_block":{"title_subject_block":"","page":false},"new_layout":false,"grid_landscape":false,"grid_square":{"size_edition_label":false,"num_culomns":4,"small_edition":false,"side_edition_label":false,"big_edition_label":false,"edition_block":""},"grid_campagne":{"title":"","campagnes":null},"partners":{"title":"","type_partners":false},"partners_pick":{"title":"Minist\u00e8res","type_partners":[{"ID":650,"post_author":"1","post_date":"2019-06-22 11:52:14","post_date_gmt":"2019-06-22 09:52:14","post_content":"","post_title":"Minist\u00e8re de la Sant\u00e9 et de la S\u00e9curit\u00e9 sociale","post_excerpt":"","post_status":"publish","comment_status":"closed","ping_status":"closed","post_password":"","post_name":"ministere-de-la-securite-sociale","to_ping":"","pinged":"","post_modified":"2023-12-11 09:40:08","post_modified_gmt":"2023-12-11 08:40:08","post_content_filtered":"","post_parent":0,"guid":"https:\/\/visionzero.lu\/?post_type=partner&#038;p=650","menu_order":18,"post_type":"partner","post_mime_type":"","comment_count":"0","filter":"raw"},{"ID":9749,"post_author":"2","post_date":"2019-10-24 00:51:31","post_date_gmt":"2019-10-23 22:51:31","post_content":"","post_title":"Minist\u00e8re de l'int\u00e9rieur","post_excerpt":"","post_status":"publish","comment_status":"closed","ping_status":"closed","post_password":"","post_name":"ministere-de-linterieur","to_ping":"","pinged":"","post_modified":"2019-10-24 00:51:46","post_modified_gmt":"2019-10-23 22:51:46","post_content_filtered":"","post_parent":0,"guid":"https:\/\/visionzero.lu\/fr\/?post_type=partner&#038;p=9749","menu_order":0,"post_type":"partner","post_mime_type":"","comment_count":"0","filter":"raw","post_title_ml":"[:fr]Minist\u00e8re de l'int\u00e9rieur[:]","post_title_langs":{"fr":true}},{"ID":9754,"post_author":"2","post_date":"2019-10-24 00:53:39","post_date_gmt":"2019-10-23 22:53:39","post_content":"","post_title":"Minist\u00e8re de la Fonction publique","post_excerpt":"","post_status":"publish","comment_status":"closed","ping_status":"closed","post_password":"","post_name":"ministere-de-la-fonction-publique-et-de-la-reforme-administrative","to_ping":"","pinged":"","post_modified":"2023-08-29 11:14:28","post_modified_gmt":"2023-08-29 09:14:28","post_content_filtered":"","post_parent":0,"guid":"https:\/\/visionzero.lu\/fr\/?post_type=partner&#038;p=9754","menu_order":0,"post_type":"partner","post_mime_type":"","comment_count":"0","filter":"raw","post_title_ml":"[:fr]Minist\u00e8re de la Fonction publique [:]","post_title_langs":{"fr":true}},{"ID":9752,"post_author":"2","post_date":"2019-10-24 00:52:41","post_date_gmt":"2019-10-23 22:52:41","post_content":"","post_title":"Minist\u00e8re de la Mobilit\u00e9 et des Travaux publics","post_excerpt":"","post_status":"publish","comment_status":"closed","ping_status":"closed","post_password":"","post_name":"ministere-du-developpement-durable-et-des-infrastructures","to_ping":"","pinged":"","post_modified":"2023-08-29 11:13:06","post_modified_gmt":"2023-08-29 09:13:06","post_content_filtered":"","post_parent":0,"guid":"https:\/\/visionzero.lu\/fr\/?post_type=partner&#038;p=9752","menu_order":0,"post_type":"partner","post_mime_type":"","comment_count":"0","filter":"raw","post_title_ml":"[:fr]Minist\u00e8re de la Mobilit\u00e9 et des Travaux publics[:]","post_title_langs":{"fr":true}},{"ID":648,"post_author":"1","post_date":"2019-06-22 11:52:03","post_date_gmt":"2019-06-22 09:52:03","post_content":"","post_title":"Minist\u00e8re du Travail","post_excerpt":"","post_status":"publish","comment_status":"closed","ping_status":"closed","post_password":"","post_name":"ministere-du-travail-de-lemploi-et-de-leconomie-sociale-et-solidaire","to_ping":"","pinged":"","post_modified":"2024-01-23 15:53:29","post_modified_gmt":"2024-01-23 14:53:29","post_content_filtered":"","post_parent":0,"guid":"https:\/\/visionzero.lu\/?post_type=partner&#038;p=648","menu_order":19,"post_type":"partner","post_mime_type":"","comment_count":"0","filter":"raw"}]},"editions":{"title":"","edition":false},"collapse_labels":false,"testimonial_gallery":false,"testimonial_media":{"title":"Bilan interm\u00e9diaire de la VISION ZERO","media_testimonial":[{"title_testimonial":"Infographie - Bilan interm\u00e9diaire de la VISION ZERO","picture_media":"https:\/\/visionzero.lu\/wp-content\/uploads\/2021\/11\/Infographie-Bilan-intermediaire.png","type_video":"youtube","file_video":false,"youtube_url":"https:\/\/youtu.be\/jheW1kKRM9w","external_url":""}]},"title_gallery":"Minist\u00e8res","gallery":false,"tab_content":{"tab_list":false},"image_text_block_2":{"image":false,"logo":false,"text_description":""}},{"type_content":"grid_square","text_block":{"text_description":"<h2>Objectifs nationaux<\/h2>\n<ul>\n<li><strong>Diminution de 20% du taux de fr\u00e9quence national<\/strong>, tous secteurs confondus, des accidents du travail par rapport \u00e0 2019 (3,73%), en dirigeant un effort particulier aux secteurs \u00e0 risques \u00e0 travers la mise en place d\u2019un ensemble d\u2019actions plus cibl\u00e9es<\/li>\n<li><strong>Baisse continue du nombre des accidents graves et mortels<\/strong><\/li>\n<\/ul>\n","logo":false},"image_text_block":{"side_image":false,"text_description":"","image":false,"image_caption":""},"gallery_block":{"title_gallery":"","gallery":null},"images_grid_block":{"title":"","slider":false,"gallery":false,"gallery_de":false,"images_en":false,"button_text":"","button_link":"","zip_file":false,"zip_file_text":""},"documents_block":{"title_block_documents":"Documents","file_document":[{"title_file":"Strat\u00e9gie VISION ZERO 2023 - 2030","file":{"ID":17078,"id":17078,"title":"Strat\u00e9gie VISION ZERO 2023 - 2030","filename":"Strategie-VISION-ZERO-2023-2030.pdf","filesize":226167,"url":"https:\/\/visionzero.lu\/wp-content\/uploads\/2022\/10\/Strategie-VISION-ZERO-2023-2030.pdf","link":"https:\/\/visionzero.lu\/fr\/strategie-nationale-vision-zero\/strategie-vision-zero-2023-2030\/","alt":"","author":"6","description":"","caption":"","name":"strategie-vision-zero-2023-2030","status":"inherit","uploaded_to":1374,"date":"2022-10-25 09:12:50","modified":"2022-10-25 11:02:07","menu_order":0,"mime_type":"application\/pdf","type":"application","subtype":"pdf","icon":"https:\/\/visionzero.lu\/wp-includes\/images\/media\/document.png"}}]},"subject_block":{"title_subject_block":"Sujets li\u00e9s","page":[{"image_page":{"ID":284,"id":284,"title":"003","filename":"003.png","filesize":1522004,"url":"https:\/\/visionzero.lu\/wp-content\/uploads\/2019\/06\/003.png","link":"https:\/\/visionzero.lu\/fr\/accueil-2\/attachment\/003\/","alt":"","author":"1","description":"","caption":"","name":"003","status":"inherit","uploaded_to":17,"date":"2019-06-12 12:55:56","modified":"2019-06-12 12:55:56","menu_order":0,"mime_type":"image\/png","type":"image","subtype":"png","icon":"https:\/\/visionzero.lu\/wp-includes\/images\/media\/default.png","width":1432,"height":757,"sizes":{"thumbnail":"https:\/\/visionzero.lu\/wp-content\/uploads\/2019\/06\/003-150x150.png","thumbnail-width":150,"thumbnail-height":150,"medium":"https:\/\/visionzero.lu\/wp-content\/uploads\/2019\/06\/003-300x159.png","medium-width":300,"medium-height":159,"medium_large":"https:\/\/visionzero.lu\/wp-content\/uploads\/2019\/06\/003-768x406.png","medium_large-width":640,"medium_large-height":338,"large":"https:\/\/visionzero.lu\/wp-content\/uploads\/2019\/06\/003-1024x541.png","large-width":640,"large-height":338,"1536x1536":"https:\/\/visionzero.lu\/wp-content\/uploads\/2019\/06\/003.png","1536x1536-width":1432,"1536x1536-height":757,"2048x2048":"https:\/\/visionzero.lu\/wp-content\/uploads\/2019\/06\/003.png","2048x2048-width":1432,"2048x2048-height":757}},"title":"Campagne VISION ZERO","type_file":"int","file":false,"url":"","page":"https:\/\/visionzero.lu\/fr\/campagne-media\/","gallery":false,"mediatech_link":null},{"image_page":{"ID":429,"id":429,"title":"Annonce-Cindy-4","filename":"Annonce-Cindy-4-e1564060883601.png","filesize":87102,"url":"https:\/\/visionzero.lu\/wp-content\/uploads\/2019\/06\/Annonce-Cindy-4-e1564060883601.png","link":"https:\/\/visionzero.lu\/fr\/campagne\/pourquoi-pour-qui-comment-2-2\/annonce-cindy-4\/","alt":"","author":"1","description":"","caption":"","name":"annonce-cindy-4","status":"inherit","uploaded_to":425,"date":"2019-06-18 12:04:58","modified":"2019-06-18 12:04:58","menu_order":0,"mime_type":"image\/png","type":"image","subtype":"png","icon":"https:\/\/visionzero.lu\/wp-includes\/images\/media\/default.png","width":304,"height":304,"sizes":{"thumbnail":"https:\/\/visionzero.lu\/wp-content\/uploads\/2019\/06\/Annonce-Cindy-4-e1564060883601-150x150.png","thumbnail-width":150,"thumbnail-height":150,"medium":"https:\/\/visionzero.lu\/wp-content\/uploads\/2019\/06\/Annonce-Cindy-4-e1564060883601-300x300.png","medium-width":300,"medium-height":300,"medium_large":"https:\/\/visionzero.lu\/wp-content\/uploads\/2019\/06\/Annonce-Cindy-4-e1564060883601.png","medium_large-width":304,"medium_large-height":304,"large":"https:\/\/visionzero.lu\/wp-content\/uploads\/2019\/06\/Annonce-Cindy-4-e1564060883601.png","large-width":304,"large-height":304,"1536x1536":"https:\/\/visionzero.lu\/wp-content\/uploads\/2019\/06\/Annonce-Cindy-4-e1564060883601.png","1536x1536-width":304,"1536x1536-height":304,"2048x2048":"https:\/\/visionzero.lu\/wp-content\/uploads\/2019\/06\/Annonce-Cindy-4-e1564060883601.png","2048x2048-width":304,"2048x2048-height":304}},"title":"Campagne risques routiers","type_file":"int","file":false,"url":"","page":"https:\/\/visionzero.lu\/fr\/campagne-trajet-2\/","gallery":false,"mediatech_link":null},{"image_page":{"ID":71,"id":71,"title":"electrician-1080563_19202","filename":"electrician-1080563_19202.png","filesize":357363,"url":"https:\/\/visionzero.lu\/wp-content\/uploads\/2019\/06\/electrician-1080563_19202.png","link":"https:\/\/visionzero.lu\/fr\/strategie-nationale-vision-zero\/electrician-1080563_19202\/","alt":"","author":"1","description":"","caption":"","name":"electrician-1080563_19202","status":"inherit","uploaded_to":1374,"date":"2019-06-05 09:13:51","modified":"2019-08-01 14:56:15","menu_order":0,"mime_type":"image\/png","type":"image","subtype":"png","icon":"https:\/\/visionzero.lu\/wp-includes\/images\/media\/default.png","width":532,"height":409,"sizes":{"thumbnail":"https:\/\/visionzero.lu\/wp-content\/uploads\/2019\/06\/electrician-1080563_19202-150x150.png","thumbnail-width":150,"thumbnail-height":150,"medium":"https:\/\/visionzero.lu\/wp-content\/uploads\/2019\/06\/electrician-1080563_19202-300x231.png","medium-width":300,"medium-height":231,"medium_large":"https:\/\/visionzero.lu\/wp-content\/uploads\/2019\/06\/electrician-1080563_19202.png","medium_large-width":532,"medium_large-height":409,"large":"https:\/\/visionzero.lu\/wp-content\/uploads\/2019\/06\/electrician-1080563_19202.png","large-width":532,"large-height":409,"1536x1536":"https:\/\/visionzero.lu\/wp-content\/uploads\/2019\/06\/electrician-1080563_19202.png","1536x1536-width":532,"1536x1536-height":409,"2048x2048":"https:\/\/visionzero.lu\/wp-content\/uploads\/2019\/06\/electrician-1080563_19202.png","2048x2048-width":532,"2048x2048-height":409}},"title":"Forum SST 2016","type_file":"int","file":false,"url":"","page":"https:\/\/visionzero.lu\/fr\/forum-sst-2019-2\/","gallery":false,"mediatech_link":null},{"image_page":false,"title":"Statistiques de l\u2019AAA","type_file":"ext","file":false,"url":"https:\/\/aaa.public.lu\/fr\/aaa\/Rapport-annuel.html","page":null,"gallery":false,"mediatech_link":null}]},"new_layout":false,"grid_landscape":false,"grid_square":{"size_edition_label":false,"num_culomns":"4","small_edition":[{"type_block":"red","icon":"https:\/\/visionzero.lu\/wp-content\/uploads\/2023\/04\/strategy-1.png","title":"D\u00e9pliant - Strat\u00e9gie VISION ZERO 2023 - 2030","external_page":"file","page":null,"url":"https:\/\/youtu.be\/jheW1kKRM9w","file":"https:\/\/visionzero.lu\/wp-content\/uploads\/2023\/09\/Strategie-VISION-ZERO-2023-2030-VF.pdf","edition_block":"","size_edition_label":1,"mediatech_link":null}],"side_edition_label":false,"big_edition_label":false,"edition_block":""},"grid_campagne":{"title":"","campagnes":null},"partners":{"title":"","type_partners":false},"partners_pick":{"title":"Minist\u00e8res","type_partners":[{"ID":650,"post_author":"1","post_date":"2019-06-22 11:52:14","post_date_gmt":"2019-06-22 09:52:14","post_content":"","post_title":"Minist\u00e8re de la Sant\u00e9 et de la S\u00e9curit\u00e9 sociale","post_excerpt":"","post_status":"publish","comment_status":"closed","ping_status":"closed","post_password":"","post_name":"ministere-de-la-securite-sociale","to_ping":"","pinged":"","post_modified":"2023-12-11 09:40:08","post_modified_gmt":"2023-12-11 08:40:08","post_content_filtered":"","post_parent":0,"guid":"https:\/\/visionzero.lu\/?post_type=partner&#038;p=650","menu_order":18,"post_type":"partner","post_mime_type":"","comment_count":"0","filter":"raw"},{"ID":9749,"post_author":"2","post_date":"2019-10-24 00:51:31","post_date_gmt":"2019-10-23 22:51:31","post_content":"","post_title":"Minist\u00e8re de l'int\u00e9rieur","post_excerpt":"","post_status":"publish","comment_status":"closed","ping_status":"closed","post_password":"","post_name":"ministere-de-linterieur","to_ping":"","pinged":"","post_modified":"2019-10-24 00:51:46","post_modified_gmt":"2019-10-23 22:51:46","post_content_filtered":"","post_parent":0,"guid":"https:\/\/visionzero.lu\/fr\/?post_type=partner&#038;p=9749","menu_order":0,"post_type":"partner","post_mime_type":"","comment_count":"0","filter":"raw","post_title_ml":"Minist\u00e8re de l'int\u00e9rieur","post_title_langs":{"fr":true}},{"ID":9754,"post_author":"2","post_date":"2019-10-24 00:53:39","post_date_gmt":"2019-10-23 22:53:39","post_content":"","post_title":"Minist\u00e8re de la Fonction publique","post_excerpt":"","post_status":"publish","comment_status":"closed","ping_status":"closed","post_password":"","post_name":"ministere-de-la-fonction-publique-et-de-la-reforme-administrative","to_ping":"","pinged":"","post_modified":"2023-08-29 11:14:28","post_modified_gmt":"2023-08-29 09:14:28","post_content_filtered":"","post_parent":0,"guid":"https:\/\/visionzero.lu\/fr\/?post_type=partner&#038;p=9754","menu_order":0,"post_type":"partner","post_mime_type":"","comment_count":"0","filter":"raw","post_title_ml":"Minist\u00e8re de la Fonction publique","post_title_langs":{"fr":true}},{"ID":9752,"post_author":"2","post_date":"2019-10-24 00:52:41","post_date_gmt":"2019-10-23 22:52:41","post_content":"","post_title":"Minist\u00e8re de la Mobilit\u00e9 et des Travaux publics","post_excerpt":"","post_status":"publish","comment_status":"closed","ping_status":"closed","post_password":"","post_name":"ministere-du-developpement-durable-et-des-infrastructures","to_ping":"","pinged":"","post_modified":"2023-08-29 11:13:06","post_modified_gmt":"2023-08-29 09:13:06","post_content_filtered":"","post_parent":0,"guid":"https:\/\/visionzero.lu\/fr\/?post_type=partner&#038;p=9752","menu_order":0,"post_type":"partner","post_mime_type":"","comment_count":"0","filter":"raw","post_title_ml":"Minist\u00e8re de la Mobilit\u00e9 et des Travaux publics","post_title_langs":{"fr":true}},{"ID":648,"post_author":"1","post_date":"2019-06-22 11:52:03","post_date_gmt":"2019-06-22 09:52:03","post_content":"","post_title":"Minist\u00e8re du Travail","post_excerpt":"","post_status":"publish","comment_status":"closed","ping_status":"closed","post_password":"","post_name":"ministere-du-travail-de-lemploi-et-de-leconomie-sociale-et-solidaire","to_ping":"","pinged":"","post_modified":"2024-01-23 15:53:29","post_modified_gmt":"2024-01-23 14:53:29","post_content_filtered":"","post_parent":0,"guid":"https:\/\/visionzero.lu\/?post_type=partner&#038;p=648","menu_order":19,"post_type":"partner","post_mime_type":"","comment_count":"0","filter":"raw"}]},"editions":{"title":"","edition":false},"collapse_labels":false,"testimonial_gallery":false,"testimonial_media":{"title":"","media_testimonial":false},"title_gallery":"Syndicats nationaux","gallery":false,"tab_content":{"tab_list":false},"image_text_block_2":{"image":false,"logo":false,"text_description":""}},{"type_content":"text_block","text_block":{"text_description":"<h3>Charte nationale initiale 2016 &#8211; 2022 et son bilan<\/h3>\n<p>Depuis 2003, l\u2019Association d\u2019assurance accident (AAA) et l\u2019Union des Entreprises Luxembourgeoises (UEL) collaborent ensemble pour lutter contre les accidents du travail, les accidents de trajet et les maladies professionnelles. A l\u2019initiative de l\u2019AAA, de l\u2019UEL et de l\u2019INDR, la strat\u00e9gie nationale VISION ZERO a \u00e9t\u00e9 pr\u00e9sent\u00e9e en 2016 lors de la 10e \u00e9dition du Forum S\u00e9curit\u00e9-Sant\u00e9 au Travail. Les initiateurs, six minist\u00e8res et trois syndicats nationaux, ont sign\u00e9 \u00e0 cette occasion la Charte nationale marquant le lancement de la strat\u00e9gie et actant leur responsabilit\u00e9 individuelle et collective partag\u00e9e.<\/p>\n<p>Un bilan interm\u00e9diaire pour la p\u00e9riode 2016-2021 a \u00e9t\u00e9 r\u00e9alis\u00e9 et communiqu\u00e9 aux diff\u00e9rentes parties prenantes. Il en r\u00e9sulte que le d\u00e9veloppement au niveau national de la VISION ZERO a d\u00e8s lors port\u00e9 ses fruits : pour preuve, l\u2019engagement de plus de 230 entreprises depuis le lancement de la strat\u00e9gie et la mise en place de diff\u00e9rentes d\u00e9marches de sensibilisation et d\u2019actions concr\u00e8tes par les diff\u00e9rents acteurs. Ceci a ainsi permis de r\u00e9aliser une diminution prometteuse de 15% du taux de fr\u00e9quence des accidents en 2019. En raison de la pand\u00e9mie, l\u2019ann\u00e9e 2020 a \u00e9t\u00e9 hors pair. D\u2019un point de vue statistique cette ann\u00e9e est \u00e0 \u00e9carter car les multiples confinements ainsi que le recours massif au t\u00e9l\u00e9travail ne permettent pas une \u00e9valuation ad\u00e9quate de l\u2019atteinte des objectifs. Vous trouverez ci-dessous une infographie et une pr\u00e9sentation d\u00e9taill\u00e9e du bilan interm\u00e9diaire de la VISION ZERO (2016 \u2013 2022).<\/p>\n<p>&nbsp;<\/p>\n","logo":false},"image_text_block":{"side_image":false,"text_description":"","image":false,"image_caption":""},"gallery_block":{"title_gallery":"test","gallery":""},"images_grid_block":{"title":"","slider":false,"gallery":false,"gallery_de":false,"images_en":false,"button_text":"","button_link":"","zip_file":false,"zip_file_text":""},"documents_block":{"title_block_documents":"","file_document":false},"subject_block":{"title_subject_block":"","page":false},"new_layout":false,"grid_landscape":false,"grid_square":{"size_edition_label":false,"num_culomns":"4","small_edition":[{"type_block":"red","icon":"https:\/\/visionzero.lu\/wp-content\/uploads\/2019\/09\/Slice-1.png","title":"Infographie - Bilan interm\u00e9diaire","external_page":"ext","page":null,"url":"https:\/\/youtu.be\/jheW1kKRM9w","file":false,"edition_block":"","size_edition_label":1,"mediatech_link":null},{"type_block":"red","icon":"https:\/\/visionzero.lu\/wp-content\/uploads\/2019\/07\/inscription-01.png","title":"Pr\u00e9sentation d\u00e9taill\u00e9e (PDF) - Bilan interm\u00e9diaire","external_page":"file","page":null,"url":"","file":"https:\/\/visionzero.lu\/wp-content\/uploads\/2022\/03\/Bilan-intermediaire-VZ_VF.pdf","edition_block":"","size_edition_label":1,"mediatech_link":null},{"type_block":"red","icon":"https:\/\/visionzero.lu\/wp-content\/uploads\/2019\/07\/inscription-01.png","title":"Charte nationale initiale VISION ZERO 2016-2022","external_page":"file","page":null,"url":"","file":"https:\/\/visionzero.lu\/wp-content\/uploads\/2019\/08\/Charte_Vision_ZERO_24_03_2016_signe\u0301e-1.pdf","edition_block":"","size_edition_label":1,"mediatech_link":null}],"side_edition_label":false,"big_edition_label":false,"edition_block":""},"grid_campagne":{"title":"","campagnes":null},"partners":{"title":"","type_partners":false},"partners_pick":{"title":"Initiateurs avec le soutien du gouvernement","type_partners":[{"ID":6124,"post_author":"1","post_date":"2019-09-02 15:45:43","post_date_gmt":"2019-09-02 13:45:43","post_content":"","post_title":"AAA","post_excerpt":"","post_status":"publish","comment_status":"closed","ping_status":"closed","post_password":"","post_name":"aaa","to_ping":"","pinged":"","post_modified":"2019-10-01 16:06:12","post_modified_gmt":"2019-10-01 14:06:12","post_content_filtered":"","post_parent":0,"guid":"https:\/\/visionzero.lu\/fr\/?post_type=partner&#038;p=6124","menu_order":0,"post_type":"partner","post_mime_type":"","comment_count":"0","filter":"raw"},{"ID":6126,"post_author":"1","post_date":"2019-09-02 15:46:03","post_date_gmt":"2019-09-02 13:46:03","post_content":"","post_title":"UEL","post_excerpt":"","post_status":"publish","comment_status":"closed","ping_status":"closed","post_password":"","post_name":"uel","to_ping":"","pinged":"","post_modified":"2025-10-21 15:13:55","post_modified_gmt":"2025-10-21 13:13:55","post_content_filtered":"","post_parent":0,"guid":"https:\/\/visionzero.lu\/fr\/?post_type=partner&#038;p=6126","menu_order":1,"post_type":"partner","post_mime_type":"","comment_count":"0","filter":"raw"},{"ID":6133,"post_author":"1","post_date":"2019-09-02 15:47:12","post_date_gmt":"2019-09-02 13:47:12","post_content":"","post_title":"INDR","post_excerpt":"","post_status":"publish","comment_status":"closed","ping_status":"closed","post_password":"","post_name":"indr","to_ping":"","pinged":"","post_modified":"2019-09-25 16:37:10","post_modified_gmt":"2019-09-25 14:37:10","post_content_filtered":"","post_parent":0,"guid":"https:\/\/visionzero.lu\/fr\/?post_type=partner&#038;p=6133","menu_order":2,"post_type":"partner","post_mime_type":"","comment_count":"0","filter":"raw"}]},"editions":{"title":"","edition":false},"collapse_labels":false,"testimonial_gallery":false,"testimonial_media":{"title":"","media_testimonial":false},"title_gallery":"Initiateurs de la VISION ZERO","gallery":false,"tab_content":{"tab_list":false},"image_text_block_2":{"image":false,"logo":false,"text_description":""}},{"type_content":"grid_square","text_block":{"text_description":"","logo":false},"image_text_block":{"side_image":false,"text_description":"","image":false,"image_caption":""},"gallery_block":{"title_gallery":"","gallery":null},"images_grid_block":{"title":"","slider":false,"gallery":false,"gallery_de":false,"images_en":false,"button_text":"","button_link":"","zip_file":false,"zip_file_text":""},"documents_block":{"title_block_documents":"Documents","file_document":[{"title_file":"Strat\u00e9gie VISION ZERO 2023 - 2030","file":{"ID":1382,"id":1382,"title":"Charte_Vision_ZERO_24_03_2016_signe\u0301e-1","filename":"Charte_Vision_ZERO_24_03_2016_signe\u0301e-1.pdf","filesize":1413248,"url":"https:\/\/visionzero.lu\/wp-content\/uploads\/2019\/07\/Charte_Vision_ZERO_24_03_2016_signe\u0301e-1.pdf","link":"https:\/\/visionzero.lu\/fr\/strategie-nationale-vision-zero\/charte_vision_zero_24_03_2016_signee-1\/","alt":"","author":"1","description":"","caption":"","name":"charte_vision_zero_24_03_2016_signee-1","status":"inherit","uploaded_to":1374,"date":"2019-07-16 14:40:03","modified":"2019-07-16 14:40:03","menu_order":0,"mime_type":"application\/pdf","type":"application","subtype":"pdf","icon":"https:\/\/visionzero.lu\/wp-includes\/images\/media\/document.png"}}]},"subject_block":{"title_subject_block":"","page":false},"new_layout":false,"grid_landscape":false,"grid_square":{"size_edition_label":false,"num_culomns":"4","small_edition":[{"type_block":"red","icon":"https:\/\/visionzero.lu\/wp-content\/uploads\/2019\/09\/Slice-1.png","title":"Infographie - Bilan interm\u00e9diaire","external_page":"ext","page":null,"url":"https:\/\/youtu.be\/jheW1kKRM9w","file":false,"edition_block":"","size_edition_label":1,"mediatech_link":null},{"type_block":"red","icon":"https:\/\/visionzero.lu\/wp-content\/uploads\/2019\/07\/inscription-01.png","title":"Pr\u00e9sentation d\u00e9taill\u00e9e (PDF) - Bilan interm\u00e9diaire","external_page":"file","page":null,"url":"","file":"https:\/\/visionzero.lu\/wp-content\/uploads\/2022\/03\/Bilan-intermediaire-VZ_VF.pdf","edition_block":"","size_edition_label":1,"mediatech_link":null},{"type_block":"red","icon":"https:\/\/visionzero.lu\/wp-content\/uploads\/2019\/07\/inscription-01.png","title":"Charte nationale initiale VISION ZERO 2016-2022","external_page":"file","page":null,"url":"","file":"https:\/\/visionzero.lu\/wp-content\/uploads\/2019\/08\/Charte_Vision_ZERO_24_03_2016_signe\u0301e-1.pdf","edition_block":"","size_edition_label":1,"mediatech_link":null}],"side_edition_label":false,"big_edition_label":false,"edition_block":""},"grid_campagne":{"title":"","campagnes":null},"partners":{"title":"","type_partners":false},"partners_pick":{"title":"Initiateurs avec le soutien du gouvernement","type_partners":[{"ID":6124,"post_author":"1","post_date":"2019-09-02 15:45:43","post_date_gmt":"2019-09-02 13:45:43","post_content":"","post_title":"AAA","post_excerpt":"","post_status":"publish","comment_status":"closed","ping_status":"closed","post_password":"","post_name":"aaa","to_ping":"","pinged":"","post_modified":"2019-10-01 16:06:12","post_modified_gmt":"2019-10-01 14:06:12","post_content_filtered":"","post_parent":0,"guid":"https:\/\/visionzero.lu\/fr\/?post_type=partner&#038;p=6124","menu_order":0,"post_type":"partner","post_mime_type":"","comment_count":"0","filter":"raw"},{"ID":6126,"post_author":"1","post_date":"2019-09-02 15:46:03","post_date_gmt":"2019-09-02 13:46:03","post_content":"","post_title":"UEL","post_excerpt":"","post_status":"publish","comment_status":"closed","ping_status":"closed","post_password":"","post_name":"uel","to_ping":"","pinged":"","post_modified":"2025-10-21 15:13:55","post_modified_gmt":"2025-10-21 13:13:55","post_content_filtered":"","post_parent":0,"guid":"https:\/\/visionzero.lu\/fr\/?post_type=partner&#038;p=6126","menu_order":1,"post_type":"partner","post_mime_type":"","comment_count":"0","filter":"raw"},{"ID":6133,"post_author":"1","post_date":"2019-09-02 15:47:12","post_date_gmt":"2019-09-02 13:47:12","post_content":"","post_title":"INDR","post_excerpt":"","post_status":"publish","comment_status":"closed","ping_status":"closed","post_password":"","post_name":"indr","to_ping":"","pinged":"","post_modified":"2019-09-25 16:37:10","post_modified_gmt":"2019-09-25 14:37:10","post_content_filtered":"","post_parent":0,"guid":"https:\/\/visionzero.lu\/fr\/?post_type=partner&#038;p=6133","menu_order":2,"post_type":"partner","post_mime_type":"","comment_count":"0","filter":"raw"},{"ID":16996,"post_author":"6","post_date":"2022-10-24 16:11:40","post_date_gmt":"2022-10-24 14:11:40","post_content":"","post_title":"Gouvernement","post_excerpt":"","post_status":"publish","comment_status":"closed","ping_status":"closed","post_password":"","post_name":"regierung","to_ping":"","pinged":"","post_modified":"2022-10-24 16:11:50","post_modified_gmt":"2022-10-24 14:11:50","post_content_filtered":"","post_parent":0,"guid":"https:\/\/visionzero.lu\/fr\/?post_type=partner&#038;p=16996","menu_order":0,"post_type":"partner","post_mime_type":"","comment_count":"0","filter":"raw","post_title_ml":"[:fr]Gouvernement [:de]Regierung[:en]Government[:]","post_title_langs":{"fr":true,"de":true,"en":true}}]},"editions":{"title":"","edition":false},"collapse_labels":false,"testimonial_gallery":false,"testimonial_media":{"title":"Bilan interm\u00e9diaire de la VISION ZERO","media_testimonial":[{"title_testimonial":"Bilan interm\u00e9diaire de la VISION ZERO - novembre 2021","picture_media":"https:\/\/visionzero.lu\/wp-content\/uploads\/2021\/11\/Infographie-Bilan-intermediaire.png","type_video":"youtube","file_video":false,"youtube_url":"https:\/\/youtu.be\/3zWzoo487f4","external_url":""}]},"title_gallery":"Syndicats nationaux","gallery":false,"tab_content":{"tab_list":false},"image_text_block_2":{"image":false,"logo":false,"text_description":""}},{"type_content":"collaborator-pick","text_block":{"text_description":"","logo":false},"image_text_block":{"side_image":false,"text_description":"","image":false,"image_caption":""},"gallery_block":{"title_gallery":"","gallery":null},"images_grid_block":{"title":"","slider":false,"gallery":false,"gallery_de":false,"images_en":false,"button_text":"","button_link":"","zip_file":false,"zip_file_text":""},"documents_block":{"title_block_documents":"Documents","file_document":[{"title_file":"Charte nationale VISION ZERO","file":{"ID":1382,"id":1382,"title":"Charte_Vision_ZERO_24_03_2016_signe\u0301e-1","filename":"Charte_Vision_ZERO_24_03_2016_signe\u0301e-1.pdf","filesize":1413248,"url":"https:\/\/visionzero.lu\/wp-content\/uploads\/2019\/07\/Charte_Vision_ZERO_24_03_2016_signe\u0301e-1.pdf","link":"https:\/\/visionzero.lu\/fr\/strategie-nationale-vision-zero\/charte_vision_zero_24_03_2016_signee-1\/","alt":"","author":"1","description":"","caption":"","name":"charte_vision_zero_24_03_2016_signee-1","status":"inherit","uploaded_to":1374,"date":"2019-07-16 14:40:03","modified":"2019-07-16 14:40:03","menu_order":0,"mime_type":"application\/pdf","type":"application","subtype":"pdf","icon":"https:\/\/visionzero.lu\/wp-includes\/images\/media\/document.png"}}]},"subject_block":{"title_subject_block":"Sujets li\u00e9s","page":[{"image_page":{"ID":15046,"id":15046,"title":"OOH Campagne 2022 -3","filename":"OOH-Campagne-2022-3-scaled.jpg","filesize":821554,"url":"https:\/\/visionzero.lu\/wp-content\/uploads\/2022\/06\/OOH-Campagne-2022-3-scaled.jpg","link":"https:\/\/visionzero.lu\/fr\/strategie-nationale-vision-zero\/ooh-campagne-2022-3\/","alt":"","author":"6","description":"","caption":"","name":"ooh-campagne-2022-3","status":"inherit","uploaded_to":1374,"date":"2022-06-21 10:36:32","modified":"2022-10-24 13:22:03","menu_order":0,"mime_type":"image\/jpeg","type":"image","subtype":"jpeg","icon":"https:\/\/visionzero.lu\/wp-includes\/images\/media\/default.png","width":2560,"height":1709,"sizes":{"thumbnail":"https:\/\/visionzero.lu\/wp-content\/uploads\/2022\/06\/OOH-Campagne-2022-3-150x150.jpg","thumbnail-width":150,"thumbnail-height":150,"medium":"https:\/\/visionzero.lu\/wp-content\/uploads\/2022\/06\/OOH-Campagne-2022-3-300x200.jpg","medium-width":300,"medium-height":200,"medium_large":"https:\/\/visionzero.lu\/wp-content\/uploads\/2022\/06\/OOH-Campagne-2022-3-768x513.jpg","medium_large-width":640,"medium_large-height":428,"large":"https:\/\/visionzero.lu\/wp-content\/uploads\/2022\/06\/OOH-Campagne-2022-3-1024x684.jpg","large-width":640,"large-height":428,"1536x1536":"https:\/\/visionzero.lu\/wp-content\/uploads\/2022\/06\/OOH-Campagne-2022-3-1536x1025.jpg","1536x1536-width":1536,"1536x1536-height":1025,"2048x2048":"https:\/\/visionzero.lu\/wp-content\/uploads\/2022\/06\/OOH-Campagne-2022-3-2048x1367.jpg","2048x2048-width":2048,"2048x2048-height":1367}},"title":"Campagne VISION ZERO","type_file":"int","file":false,"url":"","page":"https:\/\/visionzero.lu\/fr\/campagne-media\/","gallery":false,"mediatech_link":false},{"image_page":{"ID":429,"id":429,"title":"Annonce-Cindy-4","filename":"Annonce-Cindy-4-e1564060883601.png","filesize":87102,"url":"https:\/\/visionzero.lu\/wp-content\/uploads\/2019\/06\/Annonce-Cindy-4-e1564060883601.png","link":"https:\/\/visionzero.lu\/fr\/campagne\/pourquoi-pour-qui-comment-2-2\/annonce-cindy-4\/","alt":"","author":"1","description":"","caption":"","name":"annonce-cindy-4","status":"inherit","uploaded_to":425,"date":"2019-06-18 12:04:58","modified":"2019-06-18 12:04:58","menu_order":0,"mime_type":"image\/png","type":"image","subtype":"png","icon":"https:\/\/visionzero.lu\/wp-includes\/images\/media\/default.png","width":304,"height":304,"sizes":{"thumbnail":"https:\/\/visionzero.lu\/wp-content\/uploads\/2019\/06\/Annonce-Cindy-4-e1564060883601-150x150.png","thumbnail-width":150,"thumbnail-height":150,"medium":"https:\/\/visionzero.lu\/wp-content\/uploads\/2019\/06\/Annonce-Cindy-4-e1564060883601-300x300.png","medium-width":300,"medium-height":300,"medium_large":"https:\/\/visionzero.lu\/wp-content\/uploads\/2019\/06\/Annonce-Cindy-4-e1564060883601.png","medium_large-width":304,"medium_large-height":304,"large":"https:\/\/visionzero.lu\/wp-content\/uploads\/2019\/06\/Annonce-Cindy-4-e1564060883601.png","large-width":304,"large-height":304,"1536x1536":"https:\/\/visionzero.lu\/wp-content\/uploads\/2019\/06\/Annonce-Cindy-4-e1564060883601.png","1536x1536-width":304,"1536x1536-height":304,"2048x2048":"https:\/\/visionzero.lu\/wp-content\/uploads\/2019\/06\/Annonce-Cindy-4-e1564060883601.png","2048x2048-width":304,"2048x2048-height":304}},"title":"Campagne risque routier","type_file":"int","file":false,"url":"","page":"https:\/\/visionzero.lu\/fr\/campagne-trajet-2\/","gallery":false,"mediatech_link":null},{"image_page":{"ID":7289,"id":7289,"title":"aaa","filename":"aaa.jpg","filesize":25747,"url":"https:\/\/visionzero.lu\/wp-content\/uploads\/2019\/09\/aaa.jpg","link":"https:\/\/visionzero.lu\/fr\/liens-sst-luxembourg\/aaa-2\/","alt":"","author":"2","description":"","caption":"","name":"aaa-2","status":"inherit","uploaded_to":2095,"date":"2019-09-26 14:14:50","modified":"2019-09-26 14:14:50","menu_order":0,"mime_type":"image\/jpeg","type":"image","subtype":"jpeg","icon":"https:\/\/visionzero.lu\/wp-includes\/images\/media\/default.png","width":388,"height":297,"sizes":{"thumbnail":"https:\/\/visionzero.lu\/wp-content\/uploads\/2019\/09\/aaa-150x150.jpg","thumbnail-width":150,"thumbnail-height":150,"medium":"https:\/\/visionzero.lu\/wp-content\/uploads\/2019\/09\/aaa-300x230.jpg","medium-width":300,"medium-height":230,"medium_large":"https:\/\/visionzero.lu\/wp-content\/uploads\/2019\/09\/aaa.jpg","medium_large-width":388,"medium_large-height":297,"large":"https:\/\/visionzero.lu\/wp-content\/uploads\/2019\/09\/aaa.jpg","large-width":388,"large-height":297,"1536x1536":"https:\/\/visionzero.lu\/wp-content\/uploads\/2019\/09\/aaa.jpg","1536x1536-width":388,"1536x1536-height":297,"2048x2048":"https:\/\/visionzero.lu\/wp-content\/uploads\/2019\/09\/aaa.jpg","2048x2048-width":388,"2048x2048-height":297}},"title":"Statistiques de l\u2019AAA","type_file":"ext","file":false,"url":"https:\/\/aaa.public.lu\/fr\/aaa\/Rapport-annuel.html","page":"https:\/\/visionzero.lu\/fr\/forum-sst-16\/","gallery":false,"mediatech_link":null}]},"new_layout":false,"grid_landscape":false,"grid_square":{"size_edition_label":false,"num_culomns":4,"small_edition":false,"side_edition_label":false,"big_edition_label":false,"edition_block":""},"grid_campagne":{"title":"","campagnes":null},"partners":{"title":"","type_partners":false},"partners_pick":{"title":"Initiateurs avec le soutien du gouvernement","type_partners":[{"ID":6124,"post_author":"1","post_date":"2019-09-02 15:45:43","post_date_gmt":"2019-09-02 13:45:43","post_content":"","post_title":"AAA","post_excerpt":"","post_status":"publish","comment_status":"closed","ping_status":"closed","post_password":"","post_name":"aaa","to_ping":"","pinged":"","post_modified":"2019-10-01 16:06:12","post_modified_gmt":"2019-10-01 14:06:12","post_content_filtered":"","post_parent":0,"guid":"https:\/\/visionzero.lu\/fr\/?post_type=partner&#038;p=6124","menu_order":0,"post_type":"partner","post_mime_type":"","comment_count":"0","filter":"raw"},{"ID":26455,"post_author":"355","post_date":"2025-10-21 16:11:31","post_date_gmt":"2025-10-21 14:11:31","post_content":"","post_title":"UEL (logo avec baseline)","post_excerpt":"","post_status":"publish","comment_status":"closed","ping_status":"closed","post_password":"","post_name":"uel-logo-avec-baseline","to_ping":"","pinged":"","post_modified":"2025-10-21 16:11:31","post_modified_gmt":"2025-10-21 14:11:31","post_content_filtered":"","post_parent":0,"guid":"https:\/\/visionzero.lu\/fr\/?post_type=partner&#038;p=26455","menu_order":0,"post_type":"partner","post_mime_type":"","comment_count":"0","filter":"raw","post_title_ml":"[:fr]UEL (logo avec baseline)[:de]UEL (Logo Baseline)[:en]UEL (Logo Baseline)[:]","post_title_langs":{"fr":true,"de":true,"en":true}},{"ID":6133,"post_author":"1","post_date":"2019-09-02 15:47:12","post_date_gmt":"2019-09-02 13:47:12","post_content":"","post_title":"INDR","post_excerpt":"","post_status":"publish","comment_status":"closed","ping_status":"closed","post_password":"","post_name":"indr","to_ping":"","pinged":"","post_modified":"2019-09-25 16:37:10","post_modified_gmt":"2019-09-25 14:37:10","post_content_filtered":"","post_parent":0,"guid":"https:\/\/visionzero.lu\/fr\/?post_type=partner&#038;p=6133","menu_order":2,"post_type":"partner","post_mime_type":"","comment_count":"0","filter":"raw"},{"ID":16996,"post_author":"6","post_date":"2022-10-24 16:11:40","post_date_gmt":"2022-10-24 14:11:40","post_content":"","post_title":"Gouvernement","post_excerpt":"","post_status":"publish","comment_status":"closed","ping_status":"closed","post_password":"","post_name":"regierung","to_ping":"","pinged":"","post_modified":"2022-10-24 16:11:50","post_modified_gmt":"2022-10-24 14:11:50","post_content_filtered":"","post_parent":0,"guid":"https:\/\/visionzero.lu\/fr\/?post_type=partner&#038;p=16996","menu_order":0,"post_type":"partner","post_mime_type":"","comment_count":"0","filter":"raw","post_title_ml":"[:fr]Gouvernement [:de]Regierung[:en]Government[:]","post_title_langs":{"fr":true,"de":true,"en":true}}]},"editions":{"title":"","edition":false},"collapse_labels":false,"testimonial_gallery":false,"testimonial_media":{"title":"","media_testimonial":false},"title_gallery":"Initiateurs de la VISION ZERO","gallery":false,"tab_content":{"tab_list":false},"image_text_block_2":{"image":false,"logo":false,"text_description":""}},{"type_content":"subjects_block","text_block":{"text_description":"","logo":false},"image_text_block":{"side_image":false,"text_description":"","image":false,"image_caption":""},"gallery_block":{"title_gallery":"","gallery":null},"images_grid_block":{"title":"","slider":false,"gallery":false,"gallery_de":false,"images_en":false,"button_text":"","button_link":"","zip_file":false,"zip_file_text":""},"documents_block":{"title_block_documents":"","file_document":false},"subject_block":{"title_subject_block":"Sujets li\u00e9s","page":[{"image_page":{"ID":15046,"id":15046,"title":"OOH Campagne 2022 -3","filename":"OOH-Campagne-2022-3-scaled.jpg","filesize":821554,"url":"https:\/\/visionzero.lu\/wp-content\/uploads\/2022\/06\/OOH-Campagne-2022-3-scaled.jpg","link":"https:\/\/visionzero.lu\/fr\/strategie-nationale-vision-zero\/ooh-campagne-2022-3\/","alt":"","author":"6","description":"","caption":"","name":"ooh-campagne-2022-3","status":"inherit","uploaded_to":1374,"date":"2022-06-21 10:36:32","modified":"2022-10-24 13:22:03","menu_order":0,"mime_type":"image\/jpeg","type":"image","subtype":"jpeg","icon":"https:\/\/visionzero.lu\/wp-includes\/images\/media\/default.png","width":2560,"height":1709,"sizes":{"thumbnail":"https:\/\/visionzero.lu\/wp-content\/uploads\/2022\/06\/OOH-Campagne-2022-3-150x150.jpg","thumbnail-width":150,"thumbnail-height":150,"medium":"https:\/\/visionzero.lu\/wp-content\/uploads\/2022\/06\/OOH-Campagne-2022-3-300x200.jpg","medium-width":300,"medium-height":200,"medium_large":"https:\/\/visionzero.lu\/wp-content\/uploads\/2022\/06\/OOH-Campagne-2022-3-768x513.jpg","medium_large-width":640,"medium_large-height":428,"large":"https:\/\/visionzero.lu\/wp-content\/uploads\/2022\/06\/OOH-Campagne-2022-3-1024x684.jpg","large-width":640,"large-height":428,"1536x1536":"https:\/\/visionzero.lu\/wp-content\/uploads\/2022\/06\/OOH-Campagne-2022-3-1536x1025.jpg","1536x1536-width":1536,"1536x1536-height":1025,"2048x2048":"https:\/\/visionzero.lu\/wp-content\/uploads\/2022\/06\/OOH-Campagne-2022-3-2048x1367.jpg","2048x2048-width":2048,"2048x2048-height":1367}},"title":"Campagne VISION ZERO","type_file":"int","file":false,"url":"","page":"https:\/\/visionzero.lu\/fr\/campagne-media\/","gallery":false,"mediatech_link":null},{"image_page":{"ID":429,"id":429,"title":"Annonce-Cindy-4","filename":"Annonce-Cindy-4-e1564060883601.png","filesize":87102,"url":"https:\/\/visionzero.lu\/wp-content\/uploads\/2019\/06\/Annonce-Cindy-4-e1564060883601.png","link":"https:\/\/visionzero.lu\/fr\/campagne\/pourquoi-pour-qui-comment-2-2\/annonce-cindy-4\/","alt":"","author":"1","description":"","caption":"","name":"annonce-cindy-4","status":"inherit","uploaded_to":425,"date":"2019-06-18 12:04:58","modified":"2019-06-18 12:04:58","menu_order":0,"mime_type":"image\/png","type":"image","subtype":"png","icon":"https:\/\/visionzero.lu\/wp-includes\/images\/media\/default.png","width":304,"height":304,"sizes":{"thumbnail":"https:\/\/visionzero.lu\/wp-content\/uploads\/2019\/06\/Annonce-Cindy-4-e1564060883601-150x150.png","thumbnail-width":150,"thumbnail-height":150,"medium":"https:\/\/visionzero.lu\/wp-content\/uploads\/2019\/06\/Annonce-Cindy-4-e1564060883601-300x300.png","medium-width":300,"medium-height":300,"medium_large":"https:\/\/visionzero.lu\/wp-content\/uploads\/2019\/06\/Annonce-Cindy-4-e1564060883601.png","medium_large-width":304,"medium_large-height":304,"large":"https:\/\/visionzero.lu\/wp-content\/uploads\/2019\/06\/Annonce-Cindy-4-e1564060883601.png","large-width":304,"large-height":304,"1536x1536":"https:\/\/visionzero.lu\/wp-content\/uploads\/2019\/06\/Annonce-Cindy-4-e1564060883601.png","1536x1536-width":304,"1536x1536-height":304,"2048x2048":"https:\/\/visionzero.lu\/wp-content\/uploads\/2019\/06\/Annonce-Cindy-4-e1564060883601.png","2048x2048-width":304,"2048x2048-height":304}},"title":"Campagne risque routier","type_file":"int","file":false,"url":"","page":"https:\/\/visionzero.lu\/fr\/campagne-trajet-2\/","gallery":false,"mediatech_link":null},{"image_page":{"ID":7289,"id":7289,"title":"aaa","filename":"aaa.jpg","filesize":25747,"url":"https:\/\/visionzero.lu\/wp-content\/uploads\/2019\/09\/aaa.jpg","link":"https:\/\/visionzero.lu\/fr\/liens-sst-luxembourg\/aaa-2\/","alt":"","author":"2","description":"","caption":"","name":"aaa-2","status":"inherit","uploaded_to":2095,"date":"2019-09-26 14:14:50","modified":"2019-09-26 14:14:50","menu_order":0,"mime_type":"image\/jpeg","type":"image","subtype":"jpeg","icon":"https:\/\/visionzero.lu\/wp-includes\/images\/media\/default.png","width":388,"height":297,"sizes":{"thumbnail":"https:\/\/visionzero.lu\/wp-content\/uploads\/2019\/09\/aaa-150x150.jpg","thumbnail-width":150,"thumbnail-height":150,"medium":"https:\/\/visionzero.lu\/wp-content\/uploads\/2019\/09\/aaa-300x230.jpg","medium-width":300,"medium-height":230,"medium_large":"https:\/\/visionzero.lu\/wp-content\/uploads\/2019\/09\/aaa.jpg","medium_large-width":388,"medium_large-height":297,"large":"https:\/\/visionzero.lu\/wp-content\/uploads\/2019\/09\/aaa.jpg","large-width":388,"large-height":297,"1536x1536":"https:\/\/visionzero.lu\/wp-content\/uploads\/2019\/09\/aaa.jpg","1536x1536-width":388,"1536x1536-height":297,"2048x2048":"https:\/\/visionzero.lu\/wp-content\/uploads\/2019\/09\/aaa.jpg","2048x2048-width":388,"2048x2048-height":297}},"title":"Statistiques de l\u2019AAA","type_file":"ext","file":false,"url":"https:\/\/aaa.public.lu\/fr\/aaa\/Rapport-annuel.html","page":null,"gallery":false,"mediatech_link":null}]},"new_layout":false,"grid_landscape":false,"grid_square":{"size_edition_label":false,"num_culomns":4,"small_edition":false,"side_edition_label":false,"big_edition_label":false,"edition_block":""},"grid_campagne":{"title":"","campagnes":null},"partners":{"title":"","type_partners":false},"partners_pick":{"title":"","type_partners":null},"editions":{"title":"","edition":false},"collapse_labels":false,"testimonial_gallery":false,"testimonial_media":{"title":"","media_testimonial":false},"title_gallery":"","gallery":false,"tab_content":{"tab_list":false},"image_text_block_2":{"image":false,"logo":false,"text_description":""}}],"has_subtitle":false,"has_logo_page":false,"size_content":"9","header_color":"blue"},"_links":{"self":[{"href":"https:\/\/visionzero.lu\/fr\/wp-json\/wp\/v2\/pages\/1374","targetHints":{"allow":["GET"]}}],"collection":[{"href":"https:\/\/visionzero.lu\/fr\/wp-json\/wp\/v2\/pages"}],"about":[{"href":"https:\/\/visionzero.lu\/fr\/wp-json\/wp\/v2\/types\/page"}],"author":[{"embeddable":true,"href":"https:\/\/visionzero.lu\/fr\/wp-json\/wp\/v2\/users\/1"}],"replies":[{"embeddable":true,"href":"https:\/\/visionzero.lu\/fr\/wp-json\/wp\/v2\/comments?post=1374"}],"version-history":[{"count":11,"href":"https:\/\/visionzero.lu\/fr\/wp-json\/wp\/v2\/pages\/1374\/revisions"}],"predecessor-version":[{"id":26457,"href":"https:\/\/visionzero.lu\/fr\/wp-json\/wp\/v2\/pages\/1374\/revisions\/26457"}],"wp:featuredmedia":[{"embeddable":true,"href":"https:\/\/visionzero.lu\/fr\/wp-json\/wp\/v2\/media\/7321"}],"wp:attachment":[{"href":"https:\/\/visionzero.lu\/fr\/wp-json\/wp\/v2\/media?parent=1374"}],"curies":[{"name":"wp","href":"https:\/\/api.w.org\/{rel}","templated":true}]}}