{"id":13534,"date":"2021-11-30T13:02:59","date_gmt":"2021-11-30T12:02:59","guid":{"rendered":"https:\/\/visionzero.lu\/fr\/forum-de-la-securite-et-de-la-sante-au-travail-2019\/"},"modified":"2021-11-30T13:02:59","modified_gmt":"2021-11-30T12:02:59","slug":"forum-de-la-securite-et-de-la-sante-au-travail-2019","status":"publish","type":"page","link":"https:\/\/visionzero.lu\/fr\/forum-sst-2019\/","title":{"rendered":"Forum de la s\u00e9curit\u00e9 et de la sant\u00e9 au travail 2019"},"content":{"rendered":"<p>C\u2019est dans une salle comble que s\u2019est d\u00e9roul\u00e9e en pr\u00e9sence de M. Romain Schneider, Ministre de la S\u00e9curit\u00e9 sociale et de M. Tom Oberweis, Vice-Pr\u00e9sident de l\u2019UEL et de l\u2019INDR et Pr\u00e9sident de la Chambre des M\u00e9tiers, la 13\u00e8me \u00e9dition du Forum de la s\u00e9curit\u00e9 et de la sant\u00e9 au travail. Les t\u00e9moins de la campagne m\u00e9dia VISION ZERO ont activement particip\u00e9 \u00e0 ce Forum.<\/p>\n<p>De nombreuses entreprises ont compris leur responsabilit\u00e9 et, plus de 170 entreprises ont rejoint la VISION ZERO. Les d\u00e9veloppements au niveau national de la VISION ZERO ont \u00e9t\u00e9 pr\u00e9sent\u00e9s lors du Forum, qui ont renseign\u00e9 en outre sur les bonnes pratiques d\u2019entreprises engag\u00e9es, les d\u00e9marches et normes existantes en termes de s\u00e9curit\u00e9, de sant\u00e9 et de bien-\u00eatre sur le lieu du travail et de responsabilit\u00e9 sociale des entreprises. Ainsi, l\u2019entreprise Tralux Construction a pr\u00e9sent\u00e9 son projet <a href=\"https:\/\/visionzero.lu\/fr\/prix-sst\/laureats-2018\/c-a-p-s-compagnon-acteur-de-la-prevention-et-de-la-securite\/\">C.A.P.S. \u2013 Compagnon Acteur de la Pr\u00e9vention et de la S\u00e9curit\u00e9<\/a>, lequel avait remport\u00e9 le Prix national s\u00e9curit\u00e9-sant\u00e9 en 2018 dans la cat\u00e9gorie s\u00e9curit\u00e9 des entreprises de plus de 50 salari\u00e9s. Pour sa part, le Centre Hospitalier du Nord a pr\u00e9sent\u00e9 son <a href=\"https:\/\/visionzero.lu\/fr\/plan-action\/\">plan d\u2019action #Bewosst_S\u00e9cher_Gesond<\/a> et a partag\u00e9 une bonne pratique en mati\u00e8re de pr\u00e9vention des risques psychosociaux.<\/p>","protected":false},"excerpt":{"rendered":"<p>C\u2019est dans une salle comble que s\u2019est d\u00e9roul\u00e9e en pr\u00e9sence de M. Romain Schneider, Ministre de la S\u00e9curit\u00e9 sociale et de M. Tom Oberweis, Vice-Pr\u00e9sident de l\u2019UEL et de l\u2019INDR et Pr\u00e9sident de la Chambre des M\u00e9tiers, la 13\u00e8me \u00e9dition du Forum de la s\u00e9curit\u00e9 et de la sant\u00e9 au travail. Les t\u00e9moins de la [&hellip;]<\/p>\n","protected":false},"author":6,"featured_media":0,"parent":0,"menu_order":55,"comment_status":"closed","ping_status":"closed","template":"","meta":{"_acf_changed":false,"footnotes":""},"class_list":["post-13534","page","type-page","status-publish","hentry"],"acf":{"content":[{"type_content":"grid_square","text_block":{"text_description":"","logo":false},"image_text_block":{"side_image":false,"text_description":"","image":false,"image_caption":""},"gallery_block":{"title_gallery":"","gallery":null},"images_grid_block":{"title":"","slider":false,"gallery":false,"gallery_de":false,"images_en":false,"button_text":"","button_link":"","zip_file":false,"zip_file_text":""},"documents_block":{"title_block_documents":"","file_document":false},"subject_block":{"title_subject_block":"","page":false},"new_layout":false,"grid_landscape":false,"grid_square":{"size_edition_label":false,"num_culomns":"4","small_edition":[{"type_block":"red","icon":"https:\/\/visionzero.lu\/wp-content\/uploads\/2019\/07\/timetable.png","title":"Programme","external_page":"file","page":"https:\/\/visionzero.lu\/fr\/forum-sst-2019-2\/programme-2019\/","url":"","file":"https:\/\/visionzero.lu\/wp-content\/uploads\/2019\/08\/Forum-SST-2019-Programme.pdf","edition_block":"","size_edition_label":1,"mediatech_link":null},{"type_block":"label","icon":"https:\/\/visionzero.lu\/wp-content\/uploads\/2019\/07\/workshop-03.png","title":"Workshop","external_page":"int","page":"https:\/\/visionzero.lu\/fr\/forum-sst-2019-2\/workshops-2019\/","url":"","file":false,"edition_block":"<p>\u00e9dition du<\/p>\n<h1>27 Mars 2019<\/h1>\n<h2>Chambre de Commerce<\/h2>\n<p><span style=\"color: #999999;\">Format avec exposants<\/span><\/p>\n","size_edition_label":"3","mediatech_link":null},{"type_block":"blue","icon":"https:\/\/visionzero.lu\/wp-content\/uploads\/2019\/10\/gallery@2x.png","title":"Galerie photos","external_page":"int","page":"https:\/\/visionzero.lu\/fr\/gallery\/forum-sst-2019\/","url":"","file":false,"edition_block":"","size_edition_label":1,"mediatech_link":null},{"type_block":"blue","icon":"https:\/\/visionzero.lu\/wp-content\/uploads\/2019\/07\/video-play.png","title":"Vid\u00e9os","external_page":"ext","page":null,"url":"https:\/\/visionzero.lu\/fr\/mediatheque\/?subject=week&type=videos&year=2019","file":false,"edition_block":"<p>\u00e9dition du<\/p>\n<h1>27 Mars 2019<\/h1>\n<h2>Chambre de Commerce<\/h2>\n<p><span style=\"color: #999999;\">Format avec exposants<\/span><\/p>\n","size_edition_label":"1","mediatech_link":""},{"type_block":"blue","icon":"https:\/\/visionzero.lu\/wp-content\/uploads\/2019\/10\/Group-46@2x.png","title":"Communiqu\u00e9 de presse","external_page":"file","page":"https:\/\/visionzero.lu\/fr\/gallery\/forum-sst-2019\/","url":"","file":"https:\/\/visionzero.lu\/wp-content\/uploads\/2019\/08\/Forum-SST-2019-Communique.pdf","edition_block":"","size_edition_label":1,"mediatech_link":null},{"type_block":"blue","icon":"https:\/\/visionzero.lu\/wp-content\/uploads\/2019\/07\/mail.png","title":"Invitation","external_page":"file","page":"https:\/\/visionzero.lu\/fr\/campagne-media\/","url":"https:\/\/www.youtube.com\/watch?v=xROPrbH4nc4&feature=youtu.be","file":"https:\/\/visionzero.lu\/wp-content\/uploads\/2019\/09\/Forum-SST-2019-Invitation.pdf","edition_block":"","size_edition_label":1,"mediatech_link":""}],"side_edition_label":"right","big_edition_label":[{"type_block":"white","title":"","icon":false,"external_page":false,"page":null,"url":"","file":false,"mediatech_link":null},{"type_block":"blue","title":"Programme","icon":"https:\/\/visionzero.lu\/wp-content\/uploads\/2019\/07\/timetable.png","external_page":"0","page":"https:\/\/visionzero.lu\/fr\/forum-sst-2019-2\/programme-2019\/","url":"","file":false,"mediatech_link":null},{"type_block":"red","title":"Inscription","icon":"https:\/\/visionzero.lu\/wp-content\/uploads\/2019\/07\/inscription-01.png","external_page":"0","page":null,"url":"","file":false,"mediatech_link":null},{"type_block":"blue","title":"Video Teaser","icon":"https:\/\/visionzero.lu\/wp-content\/uploads\/2019\/07\/video-play.png","external_page":"0","page":null,"url":"","file":false,"mediatech_link":null}],"edition_block":"<p>\u00e9dition du<\/p>\n<h1>27 Mars 2019<\/h1>\n<h2>Chambre du Commerce<\/h2>\n<p><span style=\"color: #999999;\">format avec exposants\u00a0<\/span><\/p>\n"},"grid_campagne":{"title":"","campagnes":null},"partners":{"title":"","type_partners":false},"partners_pick":{"title":"","type_partners":null},"editions":{"title":"","edition":false},"collapse_labels":false,"testimonial_gallery":false,"testimonial_media":{"title":"","media_testimonial":false},"title_gallery":"","gallery":false,"tab_content":{"tab_list":false},"image_text_block_2":{"image":false,"logo":false,"text_description":""}},{"type_content":"collaborator-pick","text_block":{"text_description":"","logo":false},"image_text_block":{"side_image":false,"text_description":"","image":false,"image_caption":""},"gallery_block":{"title_gallery":"","gallery":null},"images_grid_block":{"title":"","slider":false,"gallery":false,"gallery_de":false,"images_en":false,"button_text":"","button_link":"","zip_file":false,"zip_file_text":""},"documents_block":{"title_block_documents":"","file_document":false},"subject_block":{"title_subject_block":"","page":false},"new_layout":false,"grid_landscape":false,"grid_square":{"size_edition_label":false,"num_culomns":4,"small_edition":false,"side_edition_label":false,"big_edition_label":false,"edition_block":""},"grid_campagne":{"title":"","campagnes":null},"partners":{"title":"D\u00e9cern\u00e9 par les Minist\u00e8res","type_partners":[{"term_id":34,"name":"Ministry","slug":"ministry","term_group":0,"term_taxonomy_id":34,"taxonomy":"relationship","description":"","parent":0,"count":2,"filter":"raw","term_order":"0","i18n_config":{"name":{"ts":{"fr":"Ministry"}}}}]},"partners_pick":{"title":"Organisateurs","type_partners":[{"ID":6124,"post_author":"1","post_date":"2019-09-02 15:45:43","post_date_gmt":"2019-09-02 13:45:43","post_content":"","post_title":"AAA","post_excerpt":"","post_status":"publish","comment_status":"closed","ping_status":"closed","post_password":"","post_name":"aaa","to_ping":"","pinged":"","post_modified":"2019-10-01 16:06:12","post_modified_gmt":"2019-10-01 14:06:12","post_content_filtered":"","post_parent":0,"guid":"https:\/\/visionzero.lu\/fr\/?post_type=partner&#038;p=6124","menu_order":0,"post_type":"partner","post_mime_type":"","comment_count":"0","filter":"raw"},{"ID":6126,"post_author":"1","post_date":"2019-09-02 15:46:03","post_date_gmt":"2019-09-02 13:46:03","post_content":"","post_title":"UEL","post_excerpt":"","post_status":"publish","comment_status":"closed","ping_status":"closed","post_password":"","post_name":"uel","to_ping":"","pinged":"","post_modified":"2025-10-21 15:13:55","post_modified_gmt":"2025-10-21 13:13:55","post_content_filtered":"","post_parent":0,"guid":"https:\/\/visionzero.lu\/fr\/?post_type=partner&#038;p=6126","menu_order":1,"post_type":"partner","post_mime_type":"","comment_count":"0","filter":"raw"},{"ID":6133,"post_author":"1","post_date":"2019-09-02 15:47:12","post_date_gmt":"2019-09-02 13:47:12","post_content":"","post_title":"INDR","post_excerpt":"","post_status":"publish","comment_status":"closed","ping_status":"closed","post_password":"","post_name":"indr","to_ping":"","pinged":"","post_modified":"2019-09-25 16:37:10","post_modified_gmt":"2019-09-25 14:37:10","post_content_filtered":"","post_parent":0,"guid":"https:\/\/visionzero.lu\/fr\/?post_type=partner&#038;p=6133","menu_order":2,"post_type":"partner","post_mime_type":"","comment_count":"0","filter":"raw"}]},"editions":{"title":"","edition":false},"collapse_labels":false,"testimonial_gallery":false,"testimonial_media":{"title":"","media_testimonial":false},"title_gallery":"","gallery":false,"tab_content":{"tab_list":false},"image_text_block_2":{"image":false,"logo":false,"text_description":""}},{"type_content":"collaborator-pick","text_block":{"text_description":"","logo":false},"image_text_block":{"side_image":false,"text_description":"","image":false,"image_caption":""},"gallery_block":{"title_gallery":"","gallery":null},"images_grid_block":{"title":"","slider":false,"gallery":false,"gallery_de":false,"images_en":false,"button_text":"","button_link":"","zip_file":false,"zip_file_text":""},"documents_block":{"title_block_documents":"","file_document":false},"subject_block":{"title_subject_block":"","page":false},"new_layout":false,"grid_landscape":false,"grid_square":{"size_edition_label":false,"num_culomns":4,"small_edition":false,"side_edition_label":false,"big_edition_label":false,"edition_block":""},"grid_campagne":{"title":"","campagnes":null},"partners":{"title":"En association avec les organisateurs du Prix National SST","type_partners":[{"term_id":72,"name":"organisateurs du Prix National SST","slug":"organisateurs-du-prix-national-sst","term_group":0,"term_taxonomy_id":72,"taxonomy":"relationship","description":"","parent":0,"count":5,"filter":"raw","term_order":"0","i18n_config":{"name":{"ts":{"fr":"organisateurs du Prix National SST","de":"organisateurs du Prix National SST","en":"organisateurs du Prix National SST"}}}}]},"partners_pick":{"title":"Partenaires","type_partners":[{"ID":6142,"post_author":"1","post_date":"2019-09-02 16:16:52","post_date_gmt":"2019-09-02 14:16:52","post_content":"","post_title":"ITM","post_excerpt":"","post_status":"publish","comment_status":"closed","ping_status":"closed","post_password":"","post_name":"itm","to_ping":"","pinged":"","post_modified":"2022-07-05 16:42:55","post_modified_gmt":"2022-07-05 14:42:55","post_content_filtered":"","post_parent":0,"guid":"https:\/\/visionzero.lu\/fr\/?post_type=partner&#038;p=6142","menu_order":4,"post_type":"partner","post_mime_type":"","comment_count":"0","filter":"raw"},{"ID":2166,"post_author":"2","post_date":"2019-07-30 17:50:03","post_date_gmt":"2019-07-30 15:50:03","post_content":"","post_title":"IFSB","post_excerpt":"","post_status":"publish","comment_status":"closed","ping_status":"closed","post_password":"","post_name":"ifsb","to_ping":"","pinged":"","post_modified":"2019-09-25 16:38:00","post_modified_gmt":"2019-09-25 14:38:00","post_content_filtered":"","post_parent":0,"guid":"https:\/\/visionzero.lu\/fr\/?post_type=partner&#038;p=2166","menu_order":5,"post_type":"partner","post_mime_type":"","comment_count":"0","filter":"raw"},{"ID":6176,"post_author":"1","post_date":"2019-09-02 16:53:50","post_date_gmt":"2019-09-02 14:53:50","post_content":"","post_title":"AXA","post_excerpt":"","post_status":"publish","comment_status":"closed","ping_status":"closed","post_password":"","post_name":"axa","to_ping":"","pinged":"","post_modified":"2019-09-02 16:53:50","post_modified_gmt":"2019-09-02 14:53:50","post_content_filtered":"","post_parent":0,"guid":"https:\/\/visionzero.lu\/fr\/?post_type=partner&#038;p=6176","menu_order":9,"post_type":"partner","post_mime_type":"","comment_count":"0","filter":"raw"},{"ID":6147,"post_author":"1","post_date":"2019-09-02 16:24:09","post_date_gmt":"2019-09-02 14:24:09","post_content":"","post_title":"Direction de la sant\u00e9 - DSAT","post_excerpt":"","post_status":"publish","comment_status":"closed","ping_status":"closed","post_password":"","post_name":"dsate","to_ping":"","pinged":"","post_modified":"2023-12-11 09:38:43","post_modified_gmt":"2023-12-11 08:38:43","post_content_filtered":"","post_parent":0,"guid":"https:\/\/visionzero.lu\/fr\/?post_type=partner&#038;p=6147","menu_order":6,"post_type":"partner","post_mime_type":"","comment_count":"0","filter":"raw","post_title_ml":"[:fr]Direction de la sant\u00e9 - DSAT[:de]DSATE[:en]DSATE[:]","post_title_langs":{"fr":true,"de":true,"en":true}},{"ID":2158,"post_author":"2","post_date":"2019-07-30 17:47:47","post_date_gmt":"2019-07-30 15:47:47","post_content":"","post_title":"ArcelorMittal","post_excerpt":"","post_status":"publish","comment_status":"closed","ping_status":"closed","post_password":"","post_name":"arcelormittal","to_ping":"","pinged":"","post_modified":"2019-09-25 16:38:10","post_modified_gmt":"2019-09-25 14:38:10","post_content_filtered":"","post_parent":0,"guid":"https:\/\/visionzero.lu\/fr\/?post_type=partner&#038;p=2158","menu_order":3,"post_type":"partner","post_mime_type":"","comment_count":"0","filter":"raw"}]},"editions":{"title":"","edition":false},"collapse_labels":false,"testimonial_gallery":false,"testimonial_media":{"title":"","media_testimonial":false},"title_gallery":"","gallery":false,"tab_content":{"tab_list":false},"image_text_block_2":{"image":false,"logo":false,"text_description":""}},{"type_content":"edition","text_block":{"text_description":"","logo":false},"image_text_block":{"side_image":false,"text_description":"","image":false,"image_caption":""},"gallery_block":{"title_gallery":"","gallery":null},"images_grid_block":{"title":"","slider":false,"gallery":false,"gallery_de":false,"images_en":false,"button_text":"","button_link":"","zip_file":false,"zip_file_text":""},"documents_block":{"title_block_documents":"","file_document":false},"subject_block":{"title_subject_block":"","page":false},"new_layout":false,"grid_landscape":false,"grid_square":{"size_edition_label":false,"num_culomns":4,"small_edition":false,"side_edition_label":false,"big_edition_label":false,"edition_block":""},"grid_campagne":{"title":"","campagnes":null},"partners":{"title":"","type_partners":false},"partners_pick":{"title":"Partenaires","type_partners":[{"ID":6142,"post_author":"1","post_date":"2019-09-02 16:16:52","post_date_gmt":"2019-09-02 14:16:52","post_content":"","post_title":"ITM","post_excerpt":"","post_status":"publish","comment_status":"closed","ping_status":"closed","post_password":"","post_name":"itm","to_ping":"","pinged":"","post_modified":"2022-07-05 16:42:55","post_modified_gmt":"2022-07-05 14:42:55","post_content_filtered":"","post_parent":0,"guid":"https:\/\/visionzero.lu\/fr\/?post_type=partner&#038;p=6142","menu_order":4,"post_type":"partner","post_mime_type":"","comment_count":"0","filter":"raw"},{"ID":2166,"post_author":"2","post_date":"2019-07-30 17:50:03","post_date_gmt":"2019-07-30 15:50:03","post_content":"","post_title":"IFSB","post_excerpt":"","post_status":"publish","comment_status":"closed","ping_status":"closed","post_password":"","post_name":"ifsb","to_ping":"","pinged":"","post_modified":"2019-09-25 16:38:00","post_modified_gmt":"2019-09-25 14:38:00","post_content_filtered":"","post_parent":0,"guid":"https:\/\/visionzero.lu\/fr\/?post_type=partner&#038;p=2166","menu_order":5,"post_type":"partner","post_mime_type":"","comment_count":"0","filter":"raw"},{"ID":6176,"post_author":"1","post_date":"2019-09-02 16:53:50","post_date_gmt":"2019-09-02 14:53:50","post_content":"","post_title":"AXA","post_excerpt":"","post_status":"publish","comment_status":"closed","ping_status":"closed","post_password":"","post_name":"axa","to_ping":"","pinged":"","post_modified":"2019-09-02 16:53:50","post_modified_gmt":"2019-09-02 14:53:50","post_content_filtered":"","post_parent":0,"guid":"https:\/\/visionzero.lu\/fr\/?post_type=partner&#038;p=6176","menu_order":9,"post_type":"partner","post_mime_type":"","comment_count":"0","filter":"raw"},{"ID":6147,"post_author":"1","post_date":"2019-09-02 16:24:09","post_date_gmt":"2019-09-02 14:24:09","post_content":"","post_title":"Direction de la sant\u00e9 - DSAT","post_excerpt":"","post_status":"publish","comment_status":"closed","ping_status":"closed","post_password":"","post_name":"dsate","to_ping":"","pinged":"","post_modified":"2023-12-11 09:38:43","post_modified_gmt":"2023-12-11 08:38:43","post_content_filtered":"","post_parent":0,"guid":"https:\/\/visionzero.lu\/fr\/?post_type=partner&#038;p=6147","menu_order":6,"post_type":"partner","post_mime_type":"","comment_count":"0","filter":"raw","post_title_ml":"[:fr]Direction de la sant\u00e9 - DSAT[:de]DSATE[:en]DSATE[:]","post_title_langs":{"fr":true,"de":true,"en":true}}]},"editions":{"title":"Editions pr\u00e9c\u00e9dentes","edition":[{"title":"Edition 2018","description":"Format avec exposants","page":"https:\/\/visionzero.lu\/fr\/forum-sst-2018\/"},{"title":"Edition 2017","description":"Format conf\u00e9rence","page":"https:\/\/visionzero.lu\/fr\/forum-sst-2017\/"},{"title":"Edition 2016","description":"Format avec exposants","page":"https:\/\/visionzero.lu\/fr\/forum-sst-16\/"}]},"collapse_labels":false,"testimonial_gallery":false,"testimonial_media":{"title":"","media_testimonial":false},"title_gallery":"","gallery":false,"tab_content":{"tab_list":false},"image_text_block_2":{"image":false,"logo":false,"text_description":""}}],"has_subtitle":false,"has_logo_page":true,"logo_page":"https:\/\/visionzero.lu\/wp-content\/uploads\/2019\/06\/AAA_Logo_Forum_Q.png","size_content":"9"},"_links":{"self":[{"href":"https:\/\/visionzero.lu\/fr\/wp-json\/wp\/v2\/pages\/13534","targetHints":{"allow":["GET"]}}],"collection":[{"href":"https:\/\/visionzero.lu\/fr\/wp-json\/wp\/v2\/pages"}],"about":[{"href":"https:\/\/visionzero.lu\/fr\/wp-json\/wp\/v2\/types\/page"}],"author":[{"embeddable":true,"href":"https:\/\/visionzero.lu\/fr\/wp-json\/wp\/v2\/users\/6"}],"replies":[{"embeddable":true,"href":"https:\/\/visionzero.lu\/fr\/wp-json\/wp\/v2\/comments?post=13534"}],"version-history":[{"count":0,"href":"https:\/\/visionzero.lu\/fr\/wp-json\/wp\/v2\/pages\/13534\/revisions"}],"wp:attachment":[{"href":"https:\/\/visionzero.lu\/fr\/wp-json\/wp\/v2\/media?parent=13534"}],"curies":[{"name":"wp","href":"https:\/\/api.w.org\/{rel}","templated":true}]}}