{"id":21599,"date":"2023-08-29T13:05:10","date_gmt":"2023-08-29T11:05:10","guid":{"rendered":"https:\/\/visionzero.lu\/fr\/?post_type=event&#038;p=21599"},"modified":"2023-08-29T13:05:10","modified_gmt":"2023-08-29T11:05:10","slug":"aa-dusseldorf","status":"publish","type":"event","link":"https:\/\/visionzero.lu\/fr\/event\/aa-dusseldorf\/","title":{"rendered":"A+A D\u00fcsseldorf"},"content":{"rendered":"<p>Le slogan de l\u2019A+A 2023 est le suivant : \u00a0\u00bb Impulsions pour un meilleur monde du travail\u00a0\u00bb. Ainsi, le salon et le congr\u00e8s de cette ann\u00e9e mettront l\u2019accent sur des innovations et pr\u00e9senteront de nouvelles id\u00e9es, de nouveaux produits et de nouvelles solutions qui contribuent \u00e0 un monde du travail plus s\u00fbr, plus efficace et plus sain. En outre, l&rsquo;A+A aide \u00e0 sensibiliser sur l&rsquo;importance\u00a0 de la s\u00e9curit\u00e9 et de la sant\u00e9 au travail. Le salon informe aussi bien les employeurs que les employ\u00e9s sur les d\u00e9fis actuels et les bonnes pratiques dans ce domaine.<\/p>\n<p><a href=\"https:\/\/www.aplusa.de\/\" target=\"_blank\" rel=\"noopener\">Plus d&rsquo;informations.<\/a><\/p>","protected":false},"featured_media":21598,"template":"","meta":{"_acf_changed":false,"footnotes":""},"class_list":["post-21599","event","type-event","status-publish","has-post-thumbnail","hentry"],"acf":{"date_from":"10\/24\/2023","add_end_date":true,"date_to":"10\/27\/2023","horaire":"","localite":"","city":"D\u00fcsseldorf, Allemagne"},"date_from":"10\/24\/2023","add_end_date":true,"date_to":"10\/27\/2023","horaire":"","localite":"","city":"D\u00fcsseldorf, Allemagne","_links":{"self":[{"href":"https:\/\/visionzero.lu\/fr\/wp-json\/wp\/v2\/event\/21599","targetHints":{"allow":["GET"]}}],"collection":[{"href":"https:\/\/visionzero.lu\/fr\/wp-json\/wp\/v2\/event"}],"about":[{"href":"https:\/\/visionzero.lu\/fr\/wp-json\/wp\/v2\/types\/event"}],"version-history":[{"count":1,"href":"https:\/\/visionzero.lu\/fr\/wp-json\/wp\/v2\/event\/21599\/revisions"}],"predecessor-version":[{"id":21600,"href":"https:\/\/visionzero.lu\/fr\/wp-json\/wp\/v2\/event\/21599\/revisions\/21600"}],"wp:featuredmedia":[{"embeddable":true,"href":"https:\/\/visionzero.lu\/fr\/wp-json\/wp\/v2\/media\/21598"}],"wp:attachment":[{"href":"https:\/\/visionzero.lu\/fr\/wp-json\/wp\/v2\/media?parent=21599"}],"curies":[{"name":"wp","href":"https:\/\/api.w.org\/{rel}","templated":true}]}}