{"id":21599,"date":"2023-08-29T13:05:10","date_gmt":"2023-08-29T11:05:10","guid":{"rendered":"https:\/\/visionzero.lu\/fr\/?post_type=event&#038;p=21599"},"modified":"2023-08-29T13:05:10","modified_gmt":"2023-08-29T11:05:10","slug":"aa-dusseldorf","status":"publish","type":"event","link":"https:\/\/visionzero.lu\/de\/event\/aa-dusseldorf\/","title":{"rendered":"A+A D\u00fcsseldorf"},"content":{"rendered":"<p>Das Leitmotiv der diesj\u00e4hrigen A+A 2023 lautet: &#8222;Impulse f\u00fcr eine bessere Arbeitswelt&#8220;. Damit wird der Fokus der diesj\u00e4hrigen Messe und Kongress auf Innovationen gesetzt und neue Ideen, Produkte und L\u00f6sungen, die dazu beitragen, die Arbeitswelt sicherer, effizienter und ges\u00fcnder zu gestalten werden pr\u00e4sentiert. Au\u00dferdem, hilft die A+A ein Bewusstsein zu schaffen, f\u00fcr die Bedeutung von Arbeitsschutz, Arbeitssicherheit, Betriebssicherheit und gesundem Arbeiten. Die Messe kl\u00e4rt sowohl Arbeitgeber als auch Arbeitnehmer \u00fcber die aktuellen Herausforderungen und Best Practices in diesen Bereichen auf.<\/p>\n<p><a href=\"https:\/\/www.aplusa.de\/\" target=\"_blank\" rel=\"noopener\">Weitere Informationen.<\/a><\/p>","protected":false},"featured_media":21598,"template":"","meta":{"_acf_changed":false,"footnotes":""},"class_list":["post-21599","event","type-event","status-publish","has-post-thumbnail","hentry"],"acf":{"date_from":"10\/24\/2023","add_end_date":true,"date_to":"10\/27\/2023","horaire":"","localite":"","city":"D\u00fcsseldorf, Allemagne"},"date_from":"10\/24\/2023","add_end_date":true,"date_to":"10\/27\/2023","horaire":"","localite":"","city":"D\u00fcsseldorf, Allemagne","_links":{"self":[{"href":"https:\/\/visionzero.lu\/de\/wp-json\/wp\/v2\/event\/21599","targetHints":{"allow":["GET"]}}],"collection":[{"href":"https:\/\/visionzero.lu\/de\/wp-json\/wp\/v2\/event"}],"about":[{"href":"https:\/\/visionzero.lu\/de\/wp-json\/wp\/v2\/types\/event"}],"version-history":[{"count":1,"href":"https:\/\/visionzero.lu\/de\/wp-json\/wp\/v2\/event\/21599\/revisions"}],"predecessor-version":[{"id":21600,"href":"https:\/\/visionzero.lu\/de\/wp-json\/wp\/v2\/event\/21599\/revisions\/21600"}],"wp:featuredmedia":[{"embeddable":true,"href":"https:\/\/visionzero.lu\/de\/wp-json\/wp\/v2\/media\/21598"}],"wp:attachment":[{"href":"https:\/\/visionzero.lu\/de\/wp-json\/wp\/v2\/media?parent=21599"}],"curies":[{"name":"wp","href":"https:\/\/api.w.org\/{rel}","templated":true}]}}